{"id":173,"date":"2024-10-24T09:39:16","date_gmt":"2024-10-24T09:39:16","guid":{"rendered":"http:\/\/akkordeonorchester-mm.de\/?page_id=173"},"modified":"2026-04-14T14:05:25","modified_gmt":"2026-04-14T14:05:25","slug":"vorstand","status":"publish","type":"page","link":"http:\/\/akkordeonorchester-mm.de\/?page_id=173","title":{"rendered":"Vorstand"},"content":{"rendered":"\n<figure class=\"wp-block-image size-full is-resized\"><img data-recalc-dims=\"1\" loading=\"lazy\" decoding=\"async\" width=\"584\" height=\"381\" data-attachment-id=\"177\" data-permalink=\"http:\/\/akkordeonorchester-mm.de\/?attachment_id=177\" data-orig-file=\"https:\/\/i0.wp.com\/akkordeonorchester-mm.de\/wp-content\/uploads\/2024\/10\/Andreas-Martina-2023-2.jpg?fit=1311%2C855\" data-orig-size=\"1311,855\" data-comments-opened=\"0\" data-image-meta=\"{&quot;aperture&quot;:&quot;0&quot;,&quot;credit&quot;:&quot;&quot;,&quot;camera&quot;:&quot;&quot;,&quot;caption&quot;:&quot;&quot;,&quot;created_timestamp&quot;:&quot;0&quot;,&quot;copyright&quot;:&quot;&quot;,&quot;focal_length&quot;:&quot;0&quot;,&quot;iso&quot;:&quot;0&quot;,&quot;shutter_speed&quot;:&quot;0&quot;,&quot;title&quot;:&quot;&quot;,&quot;orientation&quot;:&quot;0&quot;}\" data-image-title=\"Andreas &#038; Martina 2023\" data-image-description=\"\" data-image-caption=\"\" data-medium-file=\"https:\/\/i0.wp.com\/akkordeonorchester-mm.de\/wp-content\/uploads\/2024\/10\/Andreas-Martina-2023-2.jpg?fit=300%2C196\" data-large-file=\"https:\/\/i0.wp.com\/akkordeonorchester-mm.de\/wp-content\/uploads\/2024\/10\/Andreas-Martina-2023-2.jpg?fit=584%2C381\" tabindex=\"0\" role=\"button\" src=\"https:\/\/i0.wp.com\/akkordeonorchester-mm.de\/wp-content\/uploads\/2024\/10\/Andreas-Martina-2023-2.jpg?resize=584%2C381\" alt=\"\" class=\"wp-image-177\" style=\"width:570px;height:auto\" srcset=\"https:\/\/i0.wp.com\/akkordeonorchester-mm.de\/wp-content\/uploads\/2024\/10\/Andreas-Martina-2023-2.jpg?w=1311 1311w, https:\/\/i0.wp.com\/akkordeonorchester-mm.de\/wp-content\/uploads\/2024\/10\/Andreas-Martina-2023-2.jpg?resize=300%2C196 300w, https:\/\/i0.wp.com\/akkordeonorchester-mm.de\/wp-content\/uploads\/2024\/10\/Andreas-Martina-2023-2.jpg?resize=1024%2C668 1024w, https:\/\/i0.wp.com\/akkordeonorchester-mm.de\/wp-content\/uploads\/2024\/10\/Andreas-Martina-2023-2.jpg?resize=768%2C501 768w, https:\/\/i0.wp.com\/akkordeonorchester-mm.de\/wp-content\/uploads\/2024\/10\/Andreas-Martina-2023-2.jpg?resize=460%2C300 460w, https:\/\/i0.wp.com\/akkordeonorchester-mm.de\/wp-content\/uploads\/2024\/10\/Andreas-Martina-2023-2.jpg?w=1168 1168w\" sizes=\"(max-width: 584px) 100vw, 584px\" \/><\/figure>\n\n\n\n<div class=\"wp-block-columns is-layout-flex wp-container-core-columns-is-layout-1 wp-block-columns-is-layout-flex\">\n<div class=\"wp-block-column is-layout-flow wp-block-column-is-layout-flow\" style=\"flex-basis:100%\">\n<figure class=\"wp-block-table is-style-regular\"><table class=\"has-fixed-layout\"><tbody><tr><td><strong>Andreas Schmitt<\/strong><br>1.Vorsitzender<\/td><td><strong>Martina Schmitz<\/strong><br>2.Vorsitzende<\/td><\/tr><tr><td><em><a href=\"mailto:andreasxschmitt@t-online.de\">andreasxschmitt@t-online.de<\/a><\/em><\/td><td><a href=\"mailto:tinaschmitzgotthard@googlemail.com\"><em>tinaschmitzgotthard@googlemail.com<\/em><\/a><\/td><\/tr><\/tbody><\/table><\/figure>\n<\/div>\n<\/div>\n\n\n\n<figure class=\"wp-block-image size-full is-resized\"><img data-recalc-dims=\"1\" loading=\"lazy\" decoding=\"async\" width=\"584\" height=\"438\" data-attachment-id=\"178\" data-permalink=\"http:\/\/akkordeonorchester-mm.de\/?attachment_id=178\" data-orig-file=\"https:\/\/i0.wp.com\/akkordeonorchester-mm.de\/wp-content\/uploads\/2024\/10\/Herbert-Finchen-2023.jpg?fit=707%2C530\" data-orig-size=\"707,530\" data-comments-opened=\"0\" data-image-meta=\"{&quot;aperture&quot;:&quot;5.6&quot;,&quot;credit&quot;:&quot;&quot;,&quot;camera&quot;:&quot;SLT-A77V&quot;,&quot;caption&quot;:&quot;&quot;,&quot;created_timestamp&quot;:&quot;1682243870&quot;,&quot;copyright&quot;:&quot;&quot;,&quot;focal_length&quot;:&quot;20&quot;,&quot;iso&quot;:&quot;100&quot;,&quot;shutter_speed&quot;:&quot;0.008&quot;,&quot;title&quot;:&quot;&quot;,&quot;orientation&quot;:&quot;0&quot;}\" data-image-title=\"Herbert &#038; Finchen 2023\" data-image-description=\"\" data-image-caption=\"\" data-medium-file=\"https:\/\/i0.wp.com\/akkordeonorchester-mm.de\/wp-content\/uploads\/2024\/10\/Herbert-Finchen-2023.jpg?fit=300%2C225\" data-large-file=\"https:\/\/i0.wp.com\/akkordeonorchester-mm.de\/wp-content\/uploads\/2024\/10\/Herbert-Finchen-2023.jpg?fit=584%2C438\" tabindex=\"0\" role=\"button\" src=\"https:\/\/i0.wp.com\/akkordeonorchester-mm.de\/wp-content\/uploads\/2024\/10\/Herbert-Finchen-2023.jpg?resize=584%2C438\" alt=\"\" class=\"wp-image-178\" style=\"width:572px;height:auto\" srcset=\"https:\/\/i0.wp.com\/akkordeonorchester-mm.de\/wp-content\/uploads\/2024\/10\/Herbert-Finchen-2023.jpg?w=707 707w, https:\/\/i0.wp.com\/akkordeonorchester-mm.de\/wp-content\/uploads\/2024\/10\/Herbert-Finchen-2023.jpg?resize=300%2C225 300w, https:\/\/i0.wp.com\/akkordeonorchester-mm.de\/wp-content\/uploads\/2024\/10\/Herbert-Finchen-2023.jpg?resize=400%2C300 400w\" sizes=\"(max-width: 584px) 100vw, 584px\" \/><\/figure>\n\n\n\n<figure class=\"wp-block-table\"><table class=\"has-fixed-layout\"><tbody><tr><td><strong>Herbert Schr\u00f6der<\/strong><br>1.Kassierer<\/td><td><strong>Fichen Ferring<\/strong><br>Beisitzerin<\/td><\/tr><tr><td><em><a href=\"mailto:herjac@pt.lu\">herjac@pt.lu<\/a><\/em><\/td><td><em><a href=\"mailto:ferring.minden@t-online.de\">ferring.minden@t-online.de<\/a><\/em><\/td><\/tr><\/tbody><\/table><\/figure>\n\n\n\n<figure class=\"wp-block-image size-full is-resized\"><img data-recalc-dims=\"1\" loading=\"lazy\" decoding=\"async\" width=\"584\" height=\"388\" data-attachment-id=\"190\" data-permalink=\"http:\/\/akkordeonorchester-mm.de\/?attachment_id=190\" data-orig-file=\"https:\/\/i0.wp.com\/akkordeonorchester-mm.de\/wp-content\/uploads\/2026\/04\/Johanna-Marita-2023.png?fit=945%2C628\" data-orig-size=\"945,628\" data-comments-opened=\"0\" data-image-meta=\"{&quot;aperture&quot;:&quot;0&quot;,&quot;credit&quot;:&quot;&quot;,&quot;camera&quot;:&quot;&quot;,&quot;caption&quot;:&quot;&quot;,&quot;created_timestamp&quot;:&quot;0&quot;,&quot;copyright&quot;:&quot;&quot;,&quot;focal_length&quot;:&quot;0&quot;,&quot;iso&quot;:&quot;0&quot;,&quot;shutter_speed&quot;:&quot;0&quot;,&quot;title&quot;:&quot;&quot;,&quot;orientation&quot;:&quot;0&quot;}\" data-image-title=\"Johanna &#038; Marita 2023\" data-image-description=\"\" data-image-caption=\"\" data-medium-file=\"https:\/\/i0.wp.com\/akkordeonorchester-mm.de\/wp-content\/uploads\/2026\/04\/Johanna-Marita-2023.png?fit=300%2C199\" data-large-file=\"https:\/\/i0.wp.com\/akkordeonorchester-mm.de\/wp-content\/uploads\/2026\/04\/Johanna-Marita-2023.png?fit=584%2C388\" tabindex=\"0\" role=\"button\" src=\"https:\/\/i0.wp.com\/akkordeonorchester-mm.de\/wp-content\/uploads\/2026\/04\/Johanna-Marita-2023.png?resize=584%2C388\" alt=\"\" class=\"wp-image-190\" style=\"width:569px;height:auto\" srcset=\"https:\/\/i0.wp.com\/akkordeonorchester-mm.de\/wp-content\/uploads\/2026\/04\/Johanna-Marita-2023.png?w=945 945w, https:\/\/i0.wp.com\/akkordeonorchester-mm.de\/wp-content\/uploads\/2026\/04\/Johanna-Marita-2023.png?resize=300%2C199 300w, https:\/\/i0.wp.com\/akkordeonorchester-mm.de\/wp-content\/uploads\/2026\/04\/Johanna-Marita-2023.png?resize=768%2C510 768w, https:\/\/i0.wp.com\/akkordeonorchester-mm.de\/wp-content\/uploads\/2026\/04\/Johanna-Marita-2023.png?resize=451%2C300 451w\" sizes=\"(max-width: 584px) 100vw, 584px\" \/><\/figure>\n\n\n\n<figure class=\"wp-block-table\"><table class=\"has-fixed-layout\"><tbody><tr><td>J<strong>ohanna Schleder<\/strong><br>Schriftf\u00fchrerin<\/td><td><strong>Marita M\u00fcnchen<\/strong><br>Sprecherin des Orchesterrats<\/td><\/tr><tr><td><em><a href=\"mailto:johanna-menningen@t-online.de\">johanna-menningen@t-online.de<\/a><\/em><\/td><td><a href=\"mailto:maritamunchen@gmail.com\">maritamunchen@gmail.com<\/a><\/td><\/tr><\/tbody><\/table><\/figure>\n\n\n\n<figure class=\"wp-block-image size-full is-resized\"><img data-recalc-dims=\"1\" loading=\"lazy\" decoding=\"async\" width=\"584\" height=\"428\" data-attachment-id=\"181\" data-permalink=\"http:\/\/akkordeonorchester-mm.de\/?attachment_id=181\" data-orig-file=\"https:\/\/i0.wp.com\/akkordeonorchester-mm.de\/wp-content\/uploads\/2024\/10\/Tom-Oli-2023.jpg?fit=1303%2C956\" data-orig-size=\"1303,956\" data-comments-opened=\"0\" data-image-meta=\"{&quot;aperture&quot;:&quot;0&quot;,&quot;credit&quot;:&quot;&quot;,&quot;camera&quot;:&quot;&quot;,&quot;caption&quot;:&quot;&quot;,&quot;created_timestamp&quot;:&quot;0&quot;,&quot;copyright&quot;:&quot;&quot;,&quot;focal_length&quot;:&quot;0&quot;,&quot;iso&quot;:&quot;0&quot;,&quot;shutter_speed&quot;:&quot;0&quot;,&quot;title&quot;:&quot;&quot;,&quot;orientation&quot;:&quot;0&quot;}\" data-image-title=\"Tom &#038; Oli 2023\" data-image-description=\"\" data-image-caption=\"\" data-medium-file=\"https:\/\/i0.wp.com\/akkordeonorchester-mm.de\/wp-content\/uploads\/2024\/10\/Tom-Oli-2023.jpg?fit=300%2C220\" data-large-file=\"https:\/\/i0.wp.com\/akkordeonorchester-mm.de\/wp-content\/uploads\/2024\/10\/Tom-Oli-2023.jpg?fit=584%2C428\" tabindex=\"0\" role=\"button\" src=\"https:\/\/i0.wp.com\/akkordeonorchester-mm.de\/wp-content\/uploads\/2024\/10\/Tom-Oli-2023.jpg?resize=584%2C428\" alt=\"\" class=\"wp-image-181\" style=\"width:578px;height:auto\" srcset=\"https:\/\/i0.wp.com\/akkordeonorchester-mm.de\/wp-content\/uploads\/2024\/10\/Tom-Oli-2023.jpg?w=1303 1303w, https:\/\/i0.wp.com\/akkordeonorchester-mm.de\/wp-content\/uploads\/2024\/10\/Tom-Oli-2023.jpg?resize=300%2C220 300w, https:\/\/i0.wp.com\/akkordeonorchester-mm.de\/wp-content\/uploads\/2024\/10\/Tom-Oli-2023.jpg?resize=1024%2C751 1024w, https:\/\/i0.wp.com\/akkordeonorchester-mm.de\/wp-content\/uploads\/2024\/10\/Tom-Oli-2023.jpg?resize=768%2C563 768w, https:\/\/i0.wp.com\/akkordeonorchester-mm.de\/wp-content\/uploads\/2024\/10\/Tom-Oli-2023.jpg?resize=409%2C300 409w, https:\/\/i0.wp.com\/akkordeonorchester-mm.de\/wp-content\/uploads\/2024\/10\/Tom-Oli-2023.jpg?w=1168 1168w\" sizes=\"(max-width: 584px) 100vw, 584px\" \/><\/figure>\n\n\n\n<figure class=\"wp-block-table\"><table class=\"has-fixed-layout\"><tbody><tr><td><strong>Tom Conrad<\/strong><br>Beisitzer &amp; Dirigent<\/td><td><strong>Oliver Th\u00f6mmes<\/strong><br>2. Kassierer<\/td><\/tr><tr><td><em><a href=\"mailto:tom.conrad@hotmail.fr\">tom.conrad@hotmail.fr<\/a><\/em><\/td><td><em><a href=\"mailto:oliver@thoemmes-menningen.de\">oliver@thoemmes-menningen.de<\/a><\/em><\/td><\/tr><\/tbody><\/table><\/figure>\n","protected":false},"excerpt":{"rendered":"<p>Andreas Schmitt1.Vorsitzender Martina Schmitz2.Vorsitzende andreasxschmitt@t-online.de tinaschmitzgotthard@googlemail.com Herbert Schr\u00f6der1.Kassierer Fichen FerringBeisitzerin herjac@pt.lu ferring.minden@t-online.de Johanna SchlederSchriftf\u00fchrerin Marita M\u00fcnchenSprecherin des Orchesterrats johanna-menningen@t-online.de maritamunchen@gmail.com Tom ConradBeisitzer &amp; Dirigent Oliver Th\u00f6mmes2. Kassierer tom.conrad@hotmail.fr oliver@thoemmes-menningen.de<\/p>\n","protected":false},"author":3,"featured_media":0,"parent":0,"menu_order":2,"comment_status":"closed","ping_status":"closed","template":"","meta":{"jetpack_post_was_ever_published":false,"footnotes":""},"class_list":["post-173","page","type-page","status-publish","hentry"],"jetpack_sharing_enabled":true,"jetpack_shortlink":"https:\/\/wp.me\/P9qXL3-2N","jetpack_likes_enabled":true,"jetpack-related-posts":[],"_links":{"self":[{"href":"http:\/\/akkordeonorchester-mm.de\/index.php?rest_route=\/wp\/v2\/pages\/173"}],"collection":[{"href":"http:\/\/akkordeonorchester-mm.de\/index.php?rest_route=\/wp\/v2\/pages"}],"about":[{"href":"http:\/\/akkordeonorchester-mm.de\/index.php?rest_route=\/wp\/v2\/types\/page"}],"author":[{"embeddable":true,"href":"http:\/\/akkordeonorchester-mm.de\/index.php?rest_route=\/wp\/v2\/users\/3"}],"replies":[{"embeddable":true,"href":"http:\/\/akkordeonorchester-mm.de\/index.php?rest_route=%2Fwp%2Fv2%2Fcomments&post=173"}],"version-history":[{"count":3,"href":"http:\/\/akkordeonorchester-mm.de\/index.php?rest_route=\/wp\/v2\/pages\/173\/revisions"}],"predecessor-version":[{"id":191,"href":"http:\/\/akkordeonorchester-mm.de\/index.php?rest_route=\/wp\/v2\/pages\/173\/revisions\/191"}],"wp:attachment":[{"href":"http:\/\/akkordeonorchester-mm.de\/index.php?rest_route=%2Fwp%2Fv2%2Fmedia&parent=173"}],"curies":[{"name":"wp","href":"https:\/\/api.w.org\/{rel}","templated":true}]}}