{"id":155,"date":"2024-10-24T07:59:12","date_gmt":"2024-10-24T07:59:12","guid":{"rendered":"http:\/\/akkordeonorchester-mm.de\/?page_id=155"},"modified":"2026-04-14T14:11:17","modified_gmt":"2026-04-14T14:11:17","slug":"2010-er-jahre-bis-heute","status":"publish","type":"page","link":"http:\/\/akkordeonorchester-mm.de\/?page_id=155","title":{"rendered":"2010-er Jahre bis Heute"},"content":{"rendered":"\n<p>Das Amt des Dirigenten \u00fcbernahm im Mai 2010 Eric Th\u00fcnemann aus Irrel. <\/p>\n\n\n\n<p>Auf der Jahreshauptversammlung im Jahr 2011 wurde ein neuer Vorstand gew\u00e4hlt. Es wurde Bernd Rosen erneut zum 1. Vorsitzenden gew\u00e4hlt. Der Vorstand besteht desweiteren aus Oliver Th\u00f6mmes (2. Vorsitzender) aus Menningen, Herbert Schr\u00f6der (1. Kassierer) aus Echternach, Finchen Ferring (2. Kassererin) aus Minden, Martina Schmitz (Schriftf\u00fchrerin) aus Orenhofen und Christel Malambre (Sprecherin des Orchesterrates) aus Menningen.<\/p>\n\n\n\n<p>Die Jahreshauptversammlung 2015 brachte eine erneute Ver\u00e4nderung des Vorstandes. Der erste Vorsitz ging nach einstimmiger Wahl an Hans Heser, der das Amt \u00fcbernimmt, nachdem Bernd Rosen aus privaten Gr\u00fcnden nicht mehr zur Wahl antrat. Der Vorstand bleibt ansonsten unver\u00e4ndert.<\/p>\n\n\n\n<p><br>Auch das Dirigentenamt wurde zu Beginn des Jahres 2015 neu besetzt. Ebenfalls aus privaten und beruflichen Gr\u00fcnden legte Eric Th\u00fcnemann das Amt nieder und zu seiner Nachfolge konnte Alexander Konrad gewonnen werden.<\/p>\n\n\n\n<p>2019 \u00fcbernahm Andrea Th\u00f6mmes, die Tochter des Orchestergr\u00fcnders Alfred Mayer, das Amt des 1. Vorsitzenden. Der Vorstand besteht desweiteren aus Martina Schmitz (2. Vorsitzende) aus Orenhofen, Herbert Schr\u00f6der (1. Kassierer) aus Echternach, Finchen Ferring (2. Kassererin) aus Minden, Andreas Schmitt (Schriftf\u00fchrer) aus Ferschweiler, Christel Malambre (Sprecherin des Orchesterrates) aus Menningen und Oliver Th\u00f6mmes (Beisitzer) aus Menningen. <\/p>\n\n\n\n<p>2020 musste das Orchester seine T\u00e4tigkeiten aufgrund der weltweiten Pandemie pausieren und alle Aktivit\u00e4ten wurden bis auf Weiteres abgesagt. <\/p>\n\n\n\n<p>Aus privaten und gesundheitlichen Gr\u00fcnden musste Andrea Th\u00f6mmes ihr Amt als 1. Vorsitzende 2021 abgeben. Tom Conrad aus Osweiler (L) \u00fcbernahm auf der Jahreshauptversammlung im September 2021 diesen Posten. Auch Christel Wunderlich legte ihr Amt nieder und Marie Kimmlingen aus Menningen wurde zur Sprecherin des Orchesterrates gew\u00e4hlt. <\/p>\n\n\n\n<p>2022 legte Alexander Konrad den AOMM Taktstock nieder und Tom Conrad \u00fcbernahm diesen fortan als Dirigent zus\u00e4tzlich zu seinem Posten als 1. Vorsitzender. <\/p>\n\n\n\n<p>2023 feierte das Akkordeonorchester Menningen-Minden gro\u00dfes Jubil\u00e4um : 50 Jahre. Am 23.April fand ein tolles Fr\u00fchlingskonzert in der Gemeindehalle in Irrel statt. Gemeinsam mit dem Kinderchor &#8222;Sauerquakerten&#8220; aus Rosport (L) und der &#8222;Eifeler Akkordeon Jugend&#8220; musizierten mehr als 60 Personen gemeinsam auf der B\u00fchne. Ihren H\u00f6hepunkt nahmen die Feierlichkeiten am 2. Juni Wochenende. Vom 16. bis zum 18. Juni fand das gro\u00dfe Jubil\u00e4ums-Sommerfest in Menningen statt. <\/p>\n\n\n\n<figure class=\"wp-block-image size-large\"><img data-recalc-dims=\"1\" loading=\"lazy\" decoding=\"async\" width=\"584\" height=\"823\" data-attachment-id=\"156\" data-permalink=\"http:\/\/akkordeonorchester-mm.de\/?attachment_id=156\" data-orig-file=\"https:\/\/i0.wp.com\/akkordeonorchester-mm.de\/wp-content\/uploads\/2024\/10\/Plakat-Jubilaeums-Sommerfest-2023-scaled.jpg?fit=1818%2C2560\" data-orig-size=\"1818,2560\" data-comments-opened=\"0\" data-image-meta=\"{&quot;aperture&quot;:&quot;0&quot;,&quot;credit&quot;:&quot;ewald&quot;,&quot;camera&quot;:&quot;&quot;,&quot;caption&quot;:&quot;&quot;,&quot;created_timestamp&quot;:&quot;1684532861&quot;,&quot;copyright&quot;:&quot;&quot;,&quot;focal_length&quot;:&quot;0&quot;,&quot;iso&quot;:&quot;0&quot;,&quot;shutter_speed&quot;:&quot;0&quot;,&quot;title&quot;:&quot;&quot;,&quot;orientation&quot;:&quot;0&quot;}\" data-image-title=\"Plakat Jubil\u00e4ums Sommerfest 2023\" data-image-description=\"\" data-image-caption=\"\" data-medium-file=\"https:\/\/i0.wp.com\/akkordeonorchester-mm.de\/wp-content\/uploads\/2024\/10\/Plakat-Jubilaeums-Sommerfest-2023-scaled.jpg?fit=213%2C300\" data-large-file=\"https:\/\/i0.wp.com\/akkordeonorchester-mm.de\/wp-content\/uploads\/2024\/10\/Plakat-Jubilaeums-Sommerfest-2023-scaled.jpg?fit=584%2C823\" tabindex=\"0\" role=\"button\" src=\"https:\/\/i0.wp.com\/akkordeonorchester-mm.de\/wp-content\/uploads\/2024\/10\/Plakat-Jubilaeums-Sommerfest-2023.jpg?resize=584%2C823\" alt=\"\" class=\"wp-image-156\" srcset=\"https:\/\/i0.wp.com\/akkordeonorchester-mm.de\/wp-content\/uploads\/2024\/10\/Plakat-Jubilaeums-Sommerfest-2023-scaled.jpg?resize=727%2C1024 727w, https:\/\/i0.wp.com\/akkordeonorchester-mm.de\/wp-content\/uploads\/2024\/10\/Plakat-Jubilaeums-Sommerfest-2023-scaled.jpg?resize=213%2C300 213w, https:\/\/i0.wp.com\/akkordeonorchester-mm.de\/wp-content\/uploads\/2024\/10\/Plakat-Jubilaeums-Sommerfest-2023-scaled.jpg?resize=768%2C1082 768w, https:\/\/i0.wp.com\/akkordeonorchester-mm.de\/wp-content\/uploads\/2024\/10\/Plakat-Jubilaeums-Sommerfest-2023-scaled.jpg?resize=1091%2C1536 1091w, https:\/\/i0.wp.com\/akkordeonorchester-mm.de\/wp-content\/uploads\/2024\/10\/Plakat-Jubilaeums-Sommerfest-2023-scaled.jpg?resize=1454%2C2048 1454w, https:\/\/i0.wp.com\/akkordeonorchester-mm.de\/wp-content\/uploads\/2024\/10\/Plakat-Jubilaeums-Sommerfest-2023-scaled.jpg?w=1818 1818w, https:\/\/i0.wp.com\/akkordeonorchester-mm.de\/wp-content\/uploads\/2024\/10\/Plakat-Jubilaeums-Sommerfest-2023-scaled.jpg?w=1168 1168w, https:\/\/i0.wp.com\/akkordeonorchester-mm.de\/wp-content\/uploads\/2024\/10\/Plakat-Jubilaeums-Sommerfest-2023-scaled.jpg?w=1752 1752w\" sizes=\"(max-width: 584px) 100vw, 584px\" \/><\/figure>\n\n\n\n<p>Viele Freunde von nah und fern durften wir in Menningen begr\u00fc\u00dfen, sodass das Fest wieder mal ein voller Erfolg war. Das Jubil\u00e4umsjahr fand seinen kr\u00f6nenden Abschluss am 10. Dezember in der Basilika in Echternach, wo wir dem zahlreichen Publikum ein tolles Weihnachtskonzert boten. <\/p>\n\n\n\n<p>Auf der Jahreshauptversammlung 2024 legte Tom Conrad sein Amt als 1. Vorsitzender nieder um sich fortan verst\u00e4rkt um seine musikalischen Aufgaben als Dirigent zu fokussieren. Andreas Schmitt aus Ferschweiler, der bisher das Amt des Schriftf\u00fchrers bekleidete, wurde einstimmig zum neuen 1. Vorsitzenden des Orchesters gew\u00e4hlt. Johanna Schleder aus Menningen \u00fcbernahm den Posten der Schriftf\u00fchrerin. Tom Conrad wurde zum Beisitzer gew\u00e4hlt.<\/p>\n\n\n\n<p>2025 gab es einen weiteren Wechsel im Vorstand : Marita M\u00fcnchen wurde zur Sprecherin des Orchesterrats gew\u00e4hlt, nachdem Marie Kimmlingen nicht mehr f\u00fcr diesen Posten kandidierte. Auch bei der Jahreshauptversammlung 2026 wurde ein Wechsel im Vorstand vollzogen : Finchen Ferring und Oliver Th\u00f6mmes tauschten die jeweiligen Posten. <\/p>\n\n\n\n<p>Aktuell setzt sich unser Vorstand wie Folgt zusammen : <br>Andreas Schmitt : 1. Vorsitzender <br>Martina Schmitz : 2. Vorsitzende<br>Johanna Schleder : Schriftf\u00fchrerin<br>Herbert Schr\u00f6der : 1. Kassierer<br>Oliver Th\u00f6mmes : 2. Kasserer<br>Marie Kimmlingen : Sprecherin des Orchesterrates<br>Tom Conrad : Beisitzer und Dirigent<br>Finchen Ferring : Beisitzerin<\/p>\n\n\n\n<p>Der Verein wird von ca. 120 inaktiven Mitgliedern aus Menningen, Minden und mehreren umliegenden Ortschaften ideell und finanziell unterst\u00fctzt.<br>Diesen Freunden und F\u00f6rderern unseres Akkordeonorchesters ist unser herzlicher Dank versichert.<\/p>\n","protected":false},"excerpt":{"rendered":"<p>Das Amt des Dirigenten \u00fcbernahm im Mai 2010 Eric Th\u00fcnemann aus Irrel. Auf der Jahreshauptversammlung im Jahr 2011 wurde ein neuer Vorstand gew\u00e4hlt. Es wurde Bernd Rosen erneut zum 1. Vorsitzenden gew\u00e4hlt. Der Vorstand besteht desweiteren aus Oliver Th\u00f6mmes (2. &hellip; <a href=\"http:\/\/akkordeonorchester-mm.de\/?page_id=155\">Weiterlesen <span class=\"meta-nav\">&rarr;<\/span><\/a><\/p>\n","protected":false},"author":3,"featured_media":0,"parent":14,"menu_order":4,"comment_status":"closed","ping_status":"closed","template":"","meta":{"jetpack_post_was_ever_published":false,"footnotes":""},"class_list":["post-155","page","type-page","status-publish","hentry"],"jetpack_sharing_enabled":true,"jetpack_shortlink":"https:\/\/wp.me\/P9qXL3-2v","jetpack_likes_enabled":true,"jetpack-related-posts":[],"_links":{"self":[{"href":"http:\/\/akkordeonorchester-mm.de\/index.php?rest_route=\/wp\/v2\/pages\/155"}],"collection":[{"href":"http:\/\/akkordeonorchester-mm.de\/index.php?rest_route=\/wp\/v2\/pages"}],"about":[{"href":"http:\/\/akkordeonorchester-mm.de\/index.php?rest_route=\/wp\/v2\/types\/page"}],"author":[{"embeddable":true,"href":"http:\/\/akkordeonorchester-mm.de\/index.php?rest_route=\/wp\/v2\/users\/3"}],"replies":[{"embeddable":true,"href":"http:\/\/akkordeonorchester-mm.de\/index.php?rest_route=%2Fwp%2Fv2%2Fcomments&post=155"}],"version-history":[{"count":3,"href":"http:\/\/akkordeonorchester-mm.de\/index.php?rest_route=\/wp\/v2\/pages\/155\/revisions"}],"predecessor-version":[{"id":193,"href":"http:\/\/akkordeonorchester-mm.de\/index.php?rest_route=\/wp\/v2\/pages\/155\/revisions\/193"}],"up":[{"embeddable":true,"href":"http:\/\/akkordeonorchester-mm.de\/index.php?rest_route=\/wp\/v2\/pages\/14"}],"wp:attachment":[{"href":"http:\/\/akkordeonorchester-mm.de\/index.php?rest_route=%2Fwp%2Fv2%2Fmedia&parent=155"}],"curies":[{"name":"wp","href":"https:\/\/api.w.org\/{rel}","templated":true}]}}